{"id":5571,"date":"2025-03-15T20:54:43","date_gmt":"2025-03-15T19:54:43","guid":{"rendered":"https:\/\/www.traditions-de-france.fr\/roasted-hazelnuts-almonds\/"},"modified":"2025-03-31T21:34:18","modified_gmt":"2025-03-31T19:34:18","slug":"caramels-feuillete-praline","status":"publish","type":"page","link":"https:\/\/www.traditions-de-france.fr\/fr\/caramels-feuillete-praline\/","title":{"rendered":"Caramels Feuillet\u00e9 pralin\u00e9"},"content":{"rendered":"<p>[et_pb_section fb_built=\u00a0\u00bb1&Prime; _builder_version=\u00a0\u00bb4.20.4&Prime; _module_preset=\u00a0\u00bbdefault\u00a0\u00bb background_image=\u00a0\u00bbhttps:\/\/www.traditions-de-france.fr\/wp-content\/uploads\/2025\/03\/AdobeStock_170175909.jpg\u00a0\u00bb min_height=\u00a0\u00bb50vh\u00a0\u00bb min_height_tablet=\u00a0\u00bb25vh\u00a0\u00bb min_height_phone=\u00a0\u00bb\u00a0\u00bb min_height_last_edited=\u00a0\u00bbon|tablet\u00a0\u00bb custom_padding=\u00a0\u00bb150px||||false|false\u00a0\u00bb global_colors_info=\u00a0\u00bb{}\u00a0\u00bb][et_pb_row _builder_version=\u00a0\u00bb4.20.4&Prime; _module_preset=\u00a0\u00bbdefault\u00a0\u00bb global_colors_info=\u00a0\u00bb{}\u00a0\u00bb][et_pb_column type=\u00a0\u00bb4_4&Prime; _builder_version=\u00a0\u00bb4.20.4&Prime; _module_preset=\u00a0\u00bbdefault\u00a0\u00bb global_colors_info=\u00a0\u00bb{}\u00a0\u00bb][et_pb_divider show_divider=\u00a0\u00bboff\u00a0\u00bb _builder_version=\u00a0\u00bb4.20.4&Prime; _module_preset=\u00a0\u00bbdefault\u00a0\u00bb global_colors_info=\u00a0\u00bb{}\u00a0\u00bb][\/et_pb_divider][\/et_pb_column][\/et_pb_row][\/et_pb_section][et_pb_section fb_built=\u00a0\u00bb1&Prime; _builder_version=\u00a0\u00bb4.20.4&Prime; _module_preset=\u00a0\u00bbdefault\u00a0\u00bb background_enable_color=\u00a0\u00bboff\u00a0\u00bb background_enable_image=\u00a0\u00bboff\u00a0\u00bb background_size=\u00a0\u00bbcontain\u00a0\u00bb background_position=\u00a0\u00bbbottom_left\u00a0\u00bb background_blend=\u00a0\u00bboverlay\u00a0\u00bb custom_padding=\u00a0\u00bb||||false|false\u00a0\u00bb global_colors_info=\u00a0\u00bb{}\u00a0\u00bb][et_pb_row _builder_version=\u00a0\u00bb4.20.4&Prime; _module_preset=\u00a0\u00bbdefault\u00a0\u00bb custom_margin=\u00a0\u00bb||0px||false|false\u00a0\u00bb custom_padding=\u00a0\u00bb0px||0px||false|false\u00a0\u00bb locked=\u00a0\u00bboff\u00a0\u00bb global_colors_info=\u00a0\u00bb{}\u00a0\u00bb][et_pb_column type=\u00a0\u00bb4_4&Prime; _builder_version=\u00a0\u00bb4.20.4&Prime; _module_preset=\u00a0\u00bbdefault\u00a0\u00bb global_colors_info=\u00a0\u00bb{}\u00a0\u00bb][et_pb_blurb use_icon=\u00a0\u00bbon\u00a0\u00bb font_icon=\u00a0\u00bb&#x23;||divi||400&Prime; icon_color=\u00a0\u00bb#0054A3&Prime; icon_placement=\u00a0\u00bbleft\u00a0\u00bb module_class=\u00a0\u00bbback-to-list-button\u00a0\u00bb _builder_version=\u00a0\u00bb4.20.4&Prime; _dynamic_attributes=\u00a0\u00bblink_option_url\u00a0\u00bb _module_preset=\u00a0\u00bbdefault\u00a0\u00bb body_text_color=\u00a0\u00bb#000000&Prime; body_link_text_color=\u00a0\u00bb#000000&Prime; image_icon_custom_margin_tablet=\u00a0\u00bb-4px||||false|false\u00a0\u00bb image_icon_custom_margin_phone=\u00a0\u00bb-5px||||false|false\u00a0\u00bb image_icon_custom_margin_last_edited=\u00a0\u00bbon|phone\u00a0\u00bb width=\u00a0\u00bb65%\u00a0\u00bb width_tablet=\u00a0\u00bb100%\u00a0\u00bb width_phone=\u00a0\u00bb100%\u00a0\u00bb width_last_edited=\u00a0\u00bbon|desktop\u00a0\u00bb link_option_url=\u00a0\u00bb@ET-DC@eyJkeW5hbWljIjp0cnVlLCJjb250ZW50IjoicG9zdF9saW5rX3VybF9wYWdlIiwic2V0dGluZ3MiOnsicG9zdF9pZCI6IjQ0In19@\u00a0\u00bb hover_enabled=\u00a0\u00bb0&Prime; saved_tabs=\u00a0\u00bball\u00a0\u00bb global_colors_info=\u00a0\u00bb{}\u00a0\u00bb sticky_enabled=\u00a0\u00bb0&Prime;]<\/p>\n<p>Retour \u00e0 la liste<\/p>\n<p>[\/et_pb_blurb][\/et_pb_column][\/et_pb_row][et_pb_row column_structure=\u00a0\u00bb1_2,1_2&Prime; make_equal=\u00a0\u00bbon\u00a0\u00bb disabled_on=\u00a0\u00bbon|on|off\u00a0\u00bb _builder_version=\u00a0\u00bb4.20.4&Prime; _module_preset=\u00a0\u00bbdefault\u00a0\u00bb background_enable_image=\u00a0\u00bboff\u00a0\u00bb background_size=\u00a0\u00bbcontain\u00a0\u00bb custom_padding=\u00a0\u00bb||0px||false|false\u00a0\u00bb global_colors_info=\u00a0\u00bb{}\u00a0\u00bb][et_pb_column type=\u00a0\u00bb1_2&Prime; _builder_version=\u00a0\u00bb4.20.4&Prime; _module_preset=\u00a0\u00bbdefault\u00a0\u00bb global_colors_info=\u00a0\u00bb{}\u00a0\u00bb][et_pb_image src=\u00a0\u00bbhttps:\/\/www.traditions-de-france.fr\/wp-content\/uploads\/2025\/03\/DSC_2840-e1742063931947.jpg\u00a0\u00bb title_text=\u00a0\u00bbDSC_2840&Prime; align=\u00a0\u00bbcenter\u00a0\u00bb force_fullwidth=\u00a0\u00bbon\u00a0\u00bb _builder_version=\u00a0\u00bb4.20.4&Prime; _module_preset=\u00a0\u00bbdefault\u00a0\u00bb global_colors_info=\u00a0\u00bb{}\u00a0\u00bb][\/et_pb_image][et_pb_text _builder_version=\u00a0\u00bb4.20.4&Prime; _module_preset=\u00a0\u00bbdefault\u00a0\u00bb text_font_size=\u00a0\u00bb16px\u00a0\u00bb hover_enabled=\u00a0\u00bb0&Prime; global_colors_info=\u00a0\u00bb{}\u00a0\u00bb sticky_enabled=\u00a0\u00bb0&Prime;]<\/p>\n<table border=\"1\" style=\"border-collapse: collapse; width: 100%; height: 72px;\">\n<tbody>\n<tr style=\"height: 24px; background-color: #f7f7f7;\">\n<td style=\"width: 33.3333%; height: 24px;\">Reference<\/td>\n<td style=\"width: 33.3333%; height: 24px;\">TDF0106<\/td>\n<\/tr>\n<tr style=\"height: 24px; background-color: #fff;\">\n<td style=\"width: 33.3333%; height: 24px;\">Poids brut<\/td>\n<td style=\"width: 33.3333%; height: 24px;\">295g\/10.4oz<\/td>\n<\/tr>\n<tr style=\"height: 24px; background-color: #f7f7f7;\">\n<td style=\"width: 33.3333%; height: 24px;\">Poids net<\/td>\n<td style=\"width: 33.3333%; height: 24px;\">150g\/5.3oz<\/td>\n<\/tr>\n<\/tbody>\n<\/table>\n<p>[\/et_pb_text][\/et_pb_column][et_pb_column type=\u00a0\u00bb1_2&Prime; _builder_version=\u00a0\u00bb4.20.4&Prime; _module_preset=\u00a0\u00bbdefault\u00a0\u00bb background_enable_color=\u00a0\u00bboff\u00a0\u00bb use_background_color_gradient=\u00a0\u00bbon\u00a0\u00bb background_color_gradient_type=\u00a0\u00bbcircular\u00a0\u00bb background_color_gradient_stops=\u00a0\u00bbrgba(255,255,255,0.5) 1%|rgba(255,255,255,0.8) 37%|#ffffff 63%\u00a0\u00bb background_image=\u00a0\u00bbhttps:\/\/www.traditions-de-france.fr\/wp-content\/uploads\/2025\/03\/illustration-praline.jpg\u00a0\u00bb background_blend=\u00a0\u00bboverlay\u00a0\u00bb custom_padding=\u00a0\u00bb|25px||25px|true|true\u00a0\u00bb custom_css_main_element=\u00a0\u00bbdisplay:flex;||flex-direction:row;||justify-content: center;||align-items:center;\u00a0\u00bb global_colors_info=\u00a0\u00bb{}\u00a0\u00bb][et_pb_text _builder_version=\u00a0\u00bb4.20.4&Prime; _module_preset=\u00a0\u00bbdefault\u00a0\u00bb header_text_color=\u00a0\u00bb#b176c7&Prime; header_font_size=\u00a0\u00bb58px\u00a0\u00bb hover_enabled=\u00a0\u00bb0&Prime; global_colors_info=\u00a0\u00bb{}\u00a0\u00bb sticky_enabled=\u00a0\u00bb0&Prime;]<\/p>\n<h1>Feuillet\u00e9 pralin\u00e9<\/h1>\n<p>Le pralin\u00e9 a \u00e9t\u00e9 invent\u00e9 au 17e si\u00e8cle, et s&rsquo;est vite impos\u00e9 comme un incontournable dans la p\u00e2tisserie et les confiseries en France. Nous vous le proposons au coeur de cette version feuillet\u00e9e de nos caramels au beurre sal\u00e9, pour un r\u00e9sultat qui r\u00e9jouira petits et grands, gourmands ou non!<\/p>\n<p>[\/et_pb_text][\/et_pb_column][\/et_pb_row][et_pb_row make_equal=\u00a0\u00bbon\u00a0\u00bb disabled_on=\u00a0\u00bboff|off|on\u00a0\u00bb _builder_version=\u00a0\u00bb4.20.4&Prime; _module_preset=\u00a0\u00bbdefault\u00a0\u00bb background_enable_image=\u00a0\u00bboff\u00a0\u00bb background_size=\u00a0\u00bbcontain\u00a0\u00bb custom_padding=\u00a0\u00bb||0px||false|false\u00a0\u00bb custom_css_main_element=\u00a0\u00bbdisplay:flex;||flex-direction:row;||justify-content: center;||align-items:center;\u00a0\u00bb global_colors_info=\u00a0\u00bb{}\u00a0\u00bb][et_pb_column type=\u00a0\u00bb4_4&Prime; _builder_version=\u00a0\u00bb4.20.4&Prime; _module_preset=\u00a0\u00bbdefault\u00a0\u00bb global_colors_info=\u00a0\u00bb{}\u00a0\u00bb][et_pb_image src=\u00a0\u00bbhttps:\/\/www.traditions-de-france.fr\/wp-content\/uploads\/2025\/03\/DSC_2840-e1742063931947.jpg\u00a0\u00bb title_text=\u00a0\u00bbDSC_2840&Prime; align=\u00a0\u00bbcenter\u00a0\u00bb force_fullwidth=\u00a0\u00bbon\u00a0\u00bb _builder_version=\u00a0\u00bb4.20.4&Prime; _module_preset=\u00a0\u00bbdefault\u00a0\u00bb global_colors_info=\u00a0\u00bb{}\u00a0\u00bb][\/et_pb_image][\/et_pb_column][\/et_pb_row][et_pb_row make_equal=\u00a0\u00bbon\u00a0\u00bb disabled_on=\u00a0\u00bboff|off|on\u00a0\u00bb _builder_version=\u00a0\u00bb4.20.4&Prime; _module_preset=\u00a0\u00bbdefault\u00a0\u00bb background_enable_image=\u00a0\u00bboff\u00a0\u00bb background_size=\u00a0\u00bbcontain\u00a0\u00bb custom_padding=\u00a0\u00bb||0px||false|false\u00a0\u00bb custom_css_main_element=\u00a0\u00bbdisplay:flex;||flex-direction:row;||justify-content: center;||align-items:center;\u00a0\u00bb global_colors_info=\u00a0\u00bb{}\u00a0\u00bb][et_pb_column type=\u00a0\u00bb4_4&Prime; _builder_version=\u00a0\u00bb4.20.4&Prime; _module_preset=\u00a0\u00bbdefault\u00a0\u00bb background_enable_color=\u00a0\u00bboff\u00a0\u00bb use_background_color_gradient=\u00a0\u00bbon\u00a0\u00bb background_color_gradient_type=\u00a0\u00bbcircular\u00a0\u00bb background_color_gradient_stops=\u00a0\u00bbrgba(255,255,255,0.5) 1%|rgba(255,255,255,0.9) 40%|#ffffff 66%\u00a0\u00bb background_image=\u00a0\u00bbhttps:\/\/www.traditions-de-france.fr\/wp-content\/uploads\/2025\/03\/illustration-praline.jpg\u00a0\u00bb background_blend=\u00a0\u00bboverlay\u00a0\u00bb custom_padding=\u00a0\u00bb20px|25px|30px|25px|false|true\u00a0\u00bb background_last_edited=\u00a0\u00bbon|phone\u00a0\u00bb use_background_color_gradient_tablet=\u00a0\u00bbon\u00a0\u00bb use_background_color_gradient_phone=\u00a0\u00bbon\u00a0\u00bb background_color_gradient_stops_tablet=\u00a0\u00bbrgba(255,255,255,0.3) 1%|#ffffff 50%\u00a0\u00bb background_color_gradient_stops_phone=\u00a0\u00bbrgba(255,255,255,0.5) 1%|rgba(255,255,255,0.9) 51%|#ffffff 73%\u00a0\u00bb background_image_tablet=\u00a0\u00bbhttps:\/\/www.traditions-de-france.fr\/wp-content\/uploads\/2025\/03\/illustration-praline.jpg\u00a0\u00bb background_enable_image_tablet=\u00a0\u00bbon\u00a0\u00bb global_colors_info=\u00a0\u00bb{}\u00a0\u00bb][et_pb_text _builder_version=\u00a0\u00bb4.20.4&Prime; _module_preset=\u00a0\u00bbdefault\u00a0\u00bb header_text_color=\u00a0\u00bb#b176c7&Prime; header_font_size=\u00a0\u00bb50px\u00a0\u00bb hover_enabled=\u00a0\u00bb0&Prime; header_font_size_tablet=\u00a0\u00bb60px\u00a0\u00bb header_font_size_phone=\u00a0\u00bb50px\u00a0\u00bb header_font_size_last_edited=\u00a0\u00bboff|phone\u00a0\u00bb global_colors_info=\u00a0\u00bb{}\u00a0\u00bb sticky_enabled=\u00a0\u00bb0&Prime;]<\/p>\n<h1>Feuillet\u00e9 pralin\u00e9<\/h1>\n<p>Le pralin\u00e9 a \u00e9t\u00e9 invent\u00e9 au 17e si\u00e8cle, et s&rsquo;est vite impos\u00e9 comme un incontournable dans la p\u00e2tisserie et les confiseries en France. Nous vous le proposons au coeur de cette version feuillet\u00e9e de nos caramels au beurre sal\u00e9, pour un r\u00e9sultat qui r\u00e9jouira petits et grands, gourmands ou non!<\/p>\n<p>[\/et_pb_text][\/et_pb_column][\/et_pb_row][et_pb_row make_equal=\u00a0\u00bbon\u00a0\u00bb disabled_on=\u00a0\u00bboff|off|on\u00a0\u00bb _builder_version=\u00a0\u00bb4.20.4&Prime; _module_preset=\u00a0\u00bbdefault\u00a0\u00bb background_enable_image=\u00a0\u00bboff\u00a0\u00bb background_size=\u00a0\u00bbcontain\u00a0\u00bb custom_padding=\u00a0\u00bb||0px||false|false\u00a0\u00bb custom_css_main_element=\u00a0\u00bbdisplay:flex;||flex-direction:row;||justify-content: center;||align-items:center;\u00a0\u00bb global_colors_info=\u00a0\u00bb{}\u00a0\u00bb][et_pb_column type=\u00a0\u00bb4_4&Prime; _builder_version=\u00a0\u00bb4.20.4&Prime; _module_preset=\u00a0\u00bbdefault\u00a0\u00bb global_colors_info=\u00a0\u00bb{}\u00a0\u00bb][et_pb_text _builder_version=\u00a0\u00bb4.20.4&Prime; _module_preset=\u00a0\u00bbdefault\u00a0\u00bb text_font_size=\u00a0\u00bb16px\u00a0\u00bb hover_enabled=\u00a0\u00bb0&Prime; global_colors_info=\u00a0\u00bb{}\u00a0\u00bb sticky_enabled=\u00a0\u00bb0&Prime;]<\/p>\n<table border=\"1\" style=\"border-collapse: collapse; width: 100%; height: 72px;\">\n<tbody>\n<tr style=\"height: 24px; background-color: #f7f7f7;\">\n<td style=\"width: 33.3333%; height: 24px;\">Reference<\/td>\n<td style=\"width: 33.3333%; height: 24px;\">TDF0106<\/td>\n<\/tr>\n<tr style=\"height: 24px; background-color: #fff;\">\n<td style=\"width: 33.3333%; height: 24px;\">Poids brut<\/td>\n<td style=\"width: 33.3333%; height: 24px;\">295g\/10.4oz<\/td>\n<\/tr>\n<tr style=\"height: 24px; background-color: #f7f7f7;\">\n<td style=\"width: 33.3333%; height: 24px;\">Poids net<\/td>\n<td style=\"width: 33.3333%; height: 24px;\">150g\/5.3oz<\/td>\n<\/tr>\n<\/tbody>\n<\/table>\n<p>[\/et_pb_text][\/et_pb_column][\/et_pb_row][\/et_pb_section][et_pb_section fb_built=\u00a0\u00bb1&Prime; _builder_version=\u00a0\u00bb4.20.4&Prime; _module_preset=\u00a0\u00bbdefault\u00a0\u00bb custom_padding=\u00a0\u00bb0px||0px||true|false\u00a0\u00bb global_colors_info=\u00a0\u00bb{}\u00a0\u00bb][et_pb_row _builder_version=\u00a0\u00bb4.20.4&Prime; _module_preset=\u00a0\u00bbdefault\u00a0\u00bb width=\u00a0\u00bb100%\u00a0\u00bb max_width=\u00a0\u00bb100%\u00a0\u00bb custom_padding=\u00a0\u00bb0px||0px||false|false\u00a0\u00bb global_colors_info=\u00a0\u00bb{}\u00a0\u00bb][et_pb_column type=\u00a0\u00bb4_4&Prime; _builder_version=\u00a0\u00bb4.20.4&Prime; _module_preset=\u00a0\u00bbdefault\u00a0\u00bb global_colors_info=\u00a0\u00bb{}\u00a0\u00bb][et_pb_code _builder_version=\u00a0\u00bb4.20.4&Prime; _module_preset=\u00a0\u00bbdefault\u00a0\u00bb custom_margin=\u00a0\u00bb||0px||false|false\u00a0\u00bb locked=\u00a0\u00bboff\u00a0\u00bb global_colors_info=\u00a0\u00bb{}\u00a0\u00bb]<script><!-- [et_pb_line_break_holder] -->const menuItem = document.querySelector('#menu-item-49');<!-- [et_pb_line_break_holder] -->menuItem.classList.add('current-menu-item');<!-- [et_pb_line_break_holder] --><\/script>[\/et_pb_code][et_pb_image src=\u00a0\u00bbhttps:\/\/www.traditions-de-france.fr\/wp-content\/uploads\/2025\/03\/DSC_2849-high.png\u00a0\u00bb title_text=\u00a0\u00bbDSC_2849-high\u00a0\u00bb align=\u00a0\u00bbcenter\u00a0\u00bb _builder_version=\u00a0\u00bb4.20.4&Prime; _module_preset=\u00a0\u00bbdefault\u00a0\u00bb global_colors_info=\u00a0\u00bb{}\u00a0\u00bb][\/et_pb_image][\/et_pb_column][\/et_pb_row][\/et_pb_section]<\/p>\n","protected":false},"excerpt":{"rendered":"<p>Retour \u00e0 la liste Reference TDF0106 Poids brut 295g\/10.4oz Poids net 150g\/5.3oz Feuillet\u00e9 pralin\u00e9 Le pralin\u00e9 a \u00e9t\u00e9 invent\u00e9 au 17e si\u00e8cle, et s&rsquo;est vite impos\u00e9 comme un incontournable dans la p\u00e2tisserie et les confiseries en France. Nous vous le proposons au coeur de cette version feuillet\u00e9e de nos caramels au beurre sal\u00e9, pour un [&hellip;]<\/p>\n","protected":false},"author":1,"featured_media":0,"parent":0,"menu_order":0,"comment_status":"closed","ping_status":"closed","template":"","meta":{"_et_pb_use_builder":"on","_et_pb_old_content":"<!-- wp:divi\/placeholder \/-->","_et_gb_content_width":"","footnotes":""},"class_list":["post-5571","page","type-page","status-publish","hentry"],"_links":{"self":[{"href":"https:\/\/www.traditions-de-france.fr\/fr\/wp-json\/wp\/v2\/pages\/5571","targetHints":{"allow":["GET"]}}],"collection":[{"href":"https:\/\/www.traditions-de-france.fr\/fr\/wp-json\/wp\/v2\/pages"}],"about":[{"href":"https:\/\/www.traditions-de-france.fr\/fr\/wp-json\/wp\/v2\/types\/page"}],"author":[{"embeddable":true,"href":"https:\/\/www.traditions-de-france.fr\/fr\/wp-json\/wp\/v2\/users\/1"}],"replies":[{"embeddable":true,"href":"https:\/\/www.traditions-de-france.fr\/fr\/wp-json\/wp\/v2\/comments?post=5571"}],"version-history":[{"count":4,"href":"https:\/\/www.traditions-de-france.fr\/fr\/wp-json\/wp\/v2\/pages\/5571\/revisions"}],"predecessor-version":[{"id":5670,"href":"https:\/\/www.traditions-de-france.fr\/fr\/wp-json\/wp\/v2\/pages\/5571\/revisions\/5670"}],"wp:attachment":[{"href":"https:\/\/www.traditions-de-france.fr\/fr\/wp-json\/wp\/v2\/media?parent=5571"}],"curies":[{"name":"wp","href":"https:\/\/api.w.org\/{rel}","templated":true}]}}